{"id":91,"date":"2019-05-06T09:19:06","date_gmt":"2019-05-06T07:19:06","guid":{"rendered":"https:\/\/marcmandel.fr\/?page_id=91"},"modified":"2019-05-06T11:00:13","modified_gmt":"2019-05-06T09:00:13","slug":"salsa-40","status":"publish","type":"page","link":"https:\/\/marcmandel.fr\/index.php\/salsa-40\/","title":{"rendered":"Salsa 40"},"content":{"rendered":"\n<div class=\"wp-block-media-text alignwide\" style=\"grid-template-columns:40% auto\"><figure class=\"wp-block-media-text__media\"><img loading=\"lazy\" width=\"1024\" height=\"1024\" src=\"https:\/\/marcmandel.fr\/wp-content\/uploads\/2019\/05\/Pochette-Salsa-40-1024x1024.jpg\" alt=\"\" class=\"wp-image-73\" srcset=\"https:\/\/marcmandel.fr\/wp-content\/uploads\/2019\/05\/Pochette-Salsa-40-1024x1024.jpg 1024w, https:\/\/marcmandel.fr\/wp-content\/uploads\/2019\/05\/Pochette-Salsa-40-150x150.jpg 150w, https:\/\/marcmandel.fr\/wp-content\/uploads\/2019\/05\/Pochette-Salsa-40-300x300.jpg 300w, https:\/\/marcmandel.fr\/wp-content\/uploads\/2019\/05\/Pochette-Salsa-40-768x768.jpg 768w, https:\/\/marcmandel.fr\/wp-content\/uploads\/2019\/05\/Pochette-Salsa-40-100x100.jpg 100w, https:\/\/marcmandel.fr\/wp-content\/uploads\/2019\/05\/Pochette-Salsa-40.jpg 2001w\" sizes=\"(max-width: 1024px) 100vw, 1024px\" \/><\/figure><div class=\"wp-block-media-text__content\">\n<p> Un jour, une cadence  Mozartienne s\u2019est mise en boucle dans ma t\u00eate. Mon pied s\u2019est mis \u00e0 battre la mesure, mon cerveau a enrichi la  rythmique et ainsi, sournoisement un concept est n\u00e9 sous le nom de \u00ab\u00a0The  Wolfgang Band\u00a0\u00bb.&nbsp;<br><br> De la cadence, je suis  pass\u00e9 \u00e0  l\u2019arrangement total de la symphonie 40 en Salsa.  J\u2019ai essay\u00e9 de coller au plus proche de la partition originale, tant au  niveau m\u00e9lodique, qu\u2019harmonique. J\u2019ai coup\u00e9 certains d\u00e9veloppements et  raccord\u00e9 les parties de fa\u00e7on coh\u00e9rente, pour pouvoir en faire un  morceau plus compact,  de trois minutes. J\u2019ai soign\u00e9 l\u2019orchestration. J\u2019esp\u00e8re que le r\u00e9sultat est sympa et en aucun cas d\u00e9gradant pour ce  cher Wolfgang.&nbsp; <\/p>\n<\/div><\/div>\n\n\n\n<div class=\"wp-block-media-text alignwide has-media-on-the-right\"><figure class=\"wp-block-media-text__media\"><img loading=\"lazy\" width=\"1024\" height=\"768\" src=\"https:\/\/marcmandel.fr\/wp-content\/uploads\/2019\/05\/mm_cevr_egea-2-1024x768.jpg\" alt=\"\" class=\"wp-image-100\" srcset=\"https:\/\/marcmandel.fr\/wp-content\/uploads\/2019\/05\/mm_cevr_egea-2-1024x768.jpg 1024w, https:\/\/marcmandel.fr\/wp-content\/uploads\/2019\/05\/mm_cevr_egea-2-300x225.jpg 300w, https:\/\/marcmandel.fr\/wp-content\/uploads\/2019\/05\/mm_cevr_egea-2-768x576.jpg 768w, https:\/\/marcmandel.fr\/wp-content\/uploads\/2019\/05\/mm_cevr_egea-2.jpg 1328w\" sizes=\"(max-width: 1024px) 100vw, 1024px\" \/><\/figure><div class=\"wp-block-media-text__content\">\n<p>\nPour cette auto-production, j&rsquo;ai fait appel \u00e0 de tr\u00e8s grands musiciens \nde jazz qui jouaient \u00e0 l\u2019\u00e9poque (entre-autre) dans le big band de Michel\n Legrand :\n\n<\/p>\n<\/div><\/div>\n\n\n\n<div class=\"wp-block-media-text alignwide\" style=\"grid-template-columns:40% auto\"><figure class=\"wp-block-media-text__media\"><img loading=\"lazy\" width=\"1024\" height=\"1005\" src=\"https:\/\/marcmandel.fr\/wp-content\/uploads\/2019\/05\/Maurice-Cevrero-2-1024x1005.jpg\" alt=\"\" class=\"wp-image-99\" srcset=\"https:\/\/marcmandel.fr\/wp-content\/uploads\/2019\/05\/Maurice-Cevrero-2-1024x1005.jpg 1024w, https:\/\/marcmandel.fr\/wp-content\/uploads\/2019\/05\/Maurice-Cevrero-2-300x295.jpg 300w, https:\/\/marcmandel.fr\/wp-content\/uploads\/2019\/05\/Maurice-Cevrero-2-768x754.jpg 768w, https:\/\/marcmandel.fr\/wp-content\/uploads\/2019\/05\/Maurice-Cevrero-2.jpg 1328w\" sizes=\"(max-width: 1024px) 100vw, 1024px\" \/><\/figure><div class=\"wp-block-media-text__content\">\n<p> Les trombones t\u00e9nors et basse sont interpr\u00e9t\u00e9s par Maurice Castel-Cevrero<\/p>\n<\/div><\/div>\n\n\n\n<div class=\"wp-block-media-text alignwide has-media-on-the-right\"><figure class=\"wp-block-media-text__media\"><img loading=\"lazy\" width=\"1024\" height=\"768\" src=\"https:\/\/marcmandel.fr\/wp-content\/uploads\/2019\/05\/Herve-Meschinet2-2-1024x768.jpg\" alt=\"\" class=\"wp-image-98\" srcset=\"https:\/\/marcmandel.fr\/wp-content\/uploads\/2019\/05\/Herve-Meschinet2-2-1024x768.jpg 1024w, https:\/\/marcmandel.fr\/wp-content\/uploads\/2019\/05\/Herve-Meschinet2-2-300x225.jpg 300w, https:\/\/marcmandel.fr\/wp-content\/uploads\/2019\/05\/Herve-Meschinet2-2-768x576.jpg 768w, https:\/\/marcmandel.fr\/wp-content\/uploads\/2019\/05\/Herve-Meschinet2-2.jpg 1328w\" sizes=\"(max-width: 1024px) 100vw, 1024px\" \/><\/figure><div class=\"wp-block-media-text__content\">\n<p>les sax alto, t\u00e9nor et baryton<br>par Herv\u00e9 Meschinet <\/p>\n<\/div><\/div>\n\n\n\n<p><br><\/p>\n\n\n\n<div class=\"wp-block-media-text alignwide\"><figure class=\"wp-block-media-text__media\"><img loading=\"lazy\" width=\"1024\" height=\"768\" src=\"https:\/\/marcmandel.fr\/wp-content\/uploads\/2019\/05\/Claude-Egea-2-1024x768.jpg\" alt=\"\" class=\"wp-image-96\" srcset=\"https:\/\/marcmandel.fr\/wp-content\/uploads\/2019\/05\/Claude-Egea-2-1024x768.jpg 1024w, https:\/\/marcmandel.fr\/wp-content\/uploads\/2019\/05\/Claude-Egea-2-300x225.jpg 300w, https:\/\/marcmandel.fr\/wp-content\/uploads\/2019\/05\/Claude-Egea-2-768x576.jpg 768w, https:\/\/marcmandel.fr\/wp-content\/uploads\/2019\/05\/Claude-Egea-2.jpg 1328w\" sizes=\"(max-width: 1024px) 100vw, 1024px\" \/><\/figure><div class=\"wp-block-media-text__content\">\n<p>\net les 4 parties  de trompettes par Claude Eg\u00e9a.\n\n<\/p>\n<\/div><\/div>\n\n\n\n<p> <\/p>\n\n\n\n<figure class=\"wp-block-audio\"><audio controls src=\"https:\/\/marcmandel.fr\/wp-content\/uploads\/2019\/05\/Salsa-40.mp3\"><\/audio><\/figure>\n\n\n\n<p>Voici un petit making-off de l&rsquo;enregistrement qui a eu lieu chez Michel Cenni (\u00e0 la console) <br>Je vous recommande tout particuli\u00e8rement au minutage 0&rsquo;36  :  les 6 prises d&rsquo;improvisation d&rsquo;Herv\u00e9 Meschinet, au sax t\u00e9nor.<br>C&rsquo;est un vrai r\u00e9gal  d&rsquo;entendre ce robinet \u00e0 chorus   <\/p>\n\n\n\n<div class=\"wp-block-media-text alignwide\" style=\"grid-template-columns:100% auto\"><figure class=\"wp-block-media-text__media\"><video controls src=\"https:\/\/marcmandel.fr\/wp-content\/uploads\/2019\/05\/Salsa-40-Meschinet-1.mp4\"><\/video><\/figure><div class=\"wp-block-media-text__content\">\n<p class=\"has-large-font-size\"><\/p>\n<\/div><\/div>\n","protected":false},"excerpt":{"rendered":"<p>Un jour, une cadence Mozartienne s\u2019est mise en boucle dans ma t\u00eate. Mon pied s\u2019est mis \u00e0 battre la mesure, mon cerveau a enrichi la rythmique et ainsi, sournoisement un concept est n\u00e9 sous le nom de \u00ab\u00a0The Wolfgang Band\u00a0\u00bb.&nbsp; De la cadence, je suis pass\u00e9 \u00e0 l\u2019arrangement total de la symphonie 40 en Salsa.&hellip; <br \/> <a class=\"read-more\" href=\"https:\/\/marcmandel.fr\/index.php\/salsa-40\/\">Lire la suite<\/a><\/p>\n","protected":false},"author":1,"featured_media":0,"parent":0,"menu_order":0,"comment_status":"closed","ping_status":"closed","template":"","meta":[],"_links":{"self":[{"href":"https:\/\/marcmandel.fr\/index.php\/wp-json\/wp\/v2\/pages\/91"}],"collection":[{"href":"https:\/\/marcmandel.fr\/index.php\/wp-json\/wp\/v2\/pages"}],"about":[{"href":"https:\/\/marcmandel.fr\/index.php\/wp-json\/wp\/v2\/types\/page"}],"author":[{"embeddable":true,"href":"https:\/\/marcmandel.fr\/index.php\/wp-json\/wp\/v2\/users\/1"}],"replies":[{"embeddable":true,"href":"https:\/\/marcmandel.fr\/index.php\/wp-json\/wp\/v2\/comments?post=91"}],"version-history":[{"count":7,"href":"https:\/\/marcmandel.fr\/index.php\/wp-json\/wp\/v2\/pages\/91\/revisions"}],"predecessor-version":[{"id":185,"href":"https:\/\/marcmandel.fr\/index.php\/wp-json\/wp\/v2\/pages\/91\/revisions\/185"}],"wp:attachment":[{"href":"https:\/\/marcmandel.fr\/index.php\/wp-json\/wp\/v2\/media?parent=91"}],"curies":[{"name":"wp","href":"https:\/\/api.w.org\/{rel}","templated":true}]}}