{"id":55,"date":"2019-05-06T00:10:59","date_gmt":"2019-05-05T22:10:59","guid":{"rendered":"https:\/\/marcmandel.fr\/?page_id=55"},"modified":"2022-11-08T17:42:00","modified_gmt":"2022-11-08T16:42:00","slug":"biographie-marc-mandel","status":"publish","type":"page","link":"https:\/\/marcmandel.fr\/index.php\/biographie-marc-mandel\/","title":{"rendered":"Biographie"},"content":{"rendered":"\n<div class=\"wp-block-media-text alignwide\" style=\"grid-template-columns:32% auto\"><figure class=\"wp-block-media-text__media\"><img loading=\"lazy\" width=\"776\" height=\"1024\" src=\"https:\/\/marcmandel.fr\/wp-content\/uploads\/2019\/05\/MM1-1-776x1024.jpg\" alt=\"\" class=\"wp-image-56\" srcset=\"https:\/\/marcmandel.fr\/wp-content\/uploads\/2019\/05\/MM1-1-776x1024.jpg 776w, https:\/\/marcmandel.fr\/wp-content\/uploads\/2019\/05\/MM1-1-227x300.jpg 227w, https:\/\/marcmandel.fr\/wp-content\/uploads\/2019\/05\/MM1-1-768x1014.jpg 768w, https:\/\/marcmandel.fr\/wp-content\/uploads\/2019\/05\/MM1-1.jpg 1060w\" sizes=\"(max-width: 776px) 100vw, 776px\" \/><\/figure><div class=\"wp-block-media-text__content\">\n\n<p> N\u00e9 \u00e0 Paris en 1954, Marc Mandel est un compositeur au parcours atypique. <br>Il commence par l\u2019\u00e9tude du piano classique \u00e0 l\u2019\u00e2ge de \u00e0 7 ans, mais son  entr\u00e9e en 6eme, au lyc\u00e9e Jean-Baptiste Say en 1966, il  abandonne les  sonates de Beethoven pour Dave Brubeck (Blue rondo \u00e0 la  Turk, Take  Five) Thelonious Monk (Round about Midnight) etc. <br>Francis  Coust\u00e9 , son professeur de musique du lyc\u00e9e lui donne des cours  particuliers de piano  <br>Ainsi, il s\u2019initie aux chiffrages harmoniques et apprend tous les accords. <br> Mais la radio, son autre passion, devient son principal centre d\u2019int\u00e9r\u00eat au d\u00e9triment de la musique et m\u00eame de ses \u00e9tudes. <\/p>\n\n<\/div><\/div>\n\n\n\n<h2> <\/h2>\n\n\n\n<div class=\"wp-block-media-text alignwide has-media-on-the-right is-stacked-on-mobile\" style=\"grid-template-columns:auto 34%\"><figure class=\"wp-block-media-text__media\"><img loading=\"lazy\" width=\"380\" height=\"400\" src=\"https:\/\/marcmandel.fr\/wp-content\/uploads\/2019\/05\/MM-voiture-RTL.jpg\" alt=\"\" class=\"wp-image-60 size-full\" srcset=\"https:\/\/marcmandel.fr\/wp-content\/uploads\/2019\/05\/MM-voiture-RTL.jpg 380w, https:\/\/marcmandel.fr\/wp-content\/uploads\/2019\/05\/MM-voiture-RTL-285x300.jpg 285w\" sizes=\"(max-width: 380px) 100vw, 380px\" \/><\/figure><div class=\"wp-block-media-text__content\">\n<p> Marc Mandel n\u2019a plus qu\u2019une id\u00e9e en t\u00eate&nbsp;: devenir animateur de radio.<br> Et en effet, en 1971, il a 16 ans, et il est engag\u00e9 par RTL et devient le plus jeune animateur de radio.  Il  y restera 4 ans, faisant occasionnellement des remplacements \u00e0  l\u2019antenne, mais surtout des reportages, des interviews et du montage. <br>D\u00e8s l\u2019\u00e2ge de 16 ans il commence \u00e0 composer et ne travaille plus que ses propres morceaux.   <br>Francis Coust\u00e9 commence \u00e0 lui enseigner l\u2019harmonie avec travail sur lignes de chants et sur des lignes de basses impos\u00e9es.<br>D\u00e8s l\u2019\u00e2ge de 16 ans il commence \u00e0 composer et ne travaille plus que ses propres morceaux.     Francis Coust\u00e9 commence \u00e0 lui enseigner l\u2019harmonie avec travail sur lignes de chants et sur des lignes de basses impos\u00e9es.   <\/p>\n<\/div><\/div>\n\n\n\n<p>En 1975, il quitte RTL et devient r\u00e9alisateur \u00e0 Europe 1. <br> Parall\u00e8lement \u00e0 la radio, il travaille le reste de la semaine dans la soci\u00e9t\u00e9 d\u2019\u00e9dition professionnelle. <br> Puis nouveau tournant dans sa vie. Il abandonne la radio, pour se consacrer davantage \u00e0 sa musique.<br>  Mais il comprend rapidement que le temps o\u00f9 les compositeurs allaient  proposer leurs musiques \u00e0 des \u00e9diteurs en leur jouant au piano est  r\u00e9volu. Il faut maintenant proposer des maquettes tr\u00e8s \u00e9labor\u00e9es. <br> Il investit dans du mat\u00e9riel d\u2019enregistrement et de musique et monte son home-studio.<br>  Il se sert des synth\u00e9tiseurs non pas pour ce qu\u2019ils sont, mais pour  tenter d\u2019imiter les instruments d\u2019orchestre. Et c\u2019est ainsi qu\u2019il  commence \u00e0 apprendre en autodidacte les arrangements et les  orchestrations.<br> Son nouvel objectif est de devenir compositeur de musique de film.  <\/p>\n\n\n\n<div class=\"wp-block-media-text alignwide is-stacked-on-mobile\"><figure class=\"wp-block-media-text__media\"><video controls src=\"https:\/\/marcmandel.fr\/wp-content\/uploads\/2019\/05\/Fruite.mp4\"><\/video><\/figure><div class=\"wp-block-media-text__content\">\n<p>\n  L\u2019agence Havas le s\u00e9lectionne pour la cr\u00e9ation d\u2019une musique  \npublicitaire&nbsp;: Double fruits de Fruit\u00e9. 300 spots radio et 64 spots tv  \npendant 4 ans.\n\n<\/p>\n<\/div><\/div>\n\n\n\n<p> <br><\/p>\n\n\n\n<div class=\"wp-block-media-text alignwide has-media-on-the-right is-stacked-on-mobile\"><figure class=\"wp-block-media-text__media\"><video controls src=\"https:\/\/marcmandel.fr\/wp-content\/uploads\/2019\/05\/Prince.mp4\"><\/video><\/figure><div class=\"wp-block-media-text__content\">\n<p>\n Il \u00e9crit \u00e9galement une musique pour les biscuits \u00ab Prince \u00bb.\n\n<\/p>\n<\/div><\/div>\n\n\n\n<h2><\/h2>\n\n\n\n<p> Il est tout pr\u00e8s d\u2019enregistrer la musique d\u2019un long m\u00e9trage avec Marl\u00e8ne Jobert et Victor Lannoux&nbsp;: \u00ab&nbsp;Une sale affaire&nbsp;\u00bb. <br>  Le r\u00e9alisateur lui r\u00e9clame une nouvelle maquette de sa musique qu\u2019il \u00ab  adore \u00bb et qu\u2019il a valid\u00e9e. Ce dernier veut un enregistrement  professionnel pour convaincre les producteurs. Il s\u2019agit d\u2019une musique  de jazz, style s\u00e9rie B. Il avait \u00e9crit pour un quartet et r\u00e9ussi \u00e0  r\u00e9unir en studio quatre \u00ab monstres \u00bb du jazz : A la batterie Daniel  Humair, \u00e0 la Contrebasse : Henri Texier, au sax t\u00e9nor Fran\u00e7ois Jeanneau  et au piano Ren\u00e9 Urtregger. Pour finir de convaincre le r\u00e9alisateur de  la force de ses musiciens, il l\u2019emm\u00e8ne les appr\u00e9cier un soir dans le  club de jazz : \u00ab le Diable des Lombards \u00bb. Le r\u00e9alisateur est \u00e9bloui et  soudain lui vient l\u2019id\u00e9e de remplacer la musique \u00e9crite pour son film  par Marc Mandel, par une musique improvis\u00e9e \u00e0 l\u2019\u00e9cran comme l\u2019avait fait  Miles Davis pour \u00ab Ascenseur pour \u00e9chafaud \u00bb. Du coup la BOF d\u2019 \u00abUne  sale affaire\u00bb se fera sans Marc Mandel. <\/p>\n\n\n\n<div class=\"wp-block-media-text alignwide is-stacked-on-mobile\" style=\"grid-template-columns:36% auto\"><figure class=\"wp-block-media-text__media\"><img loading=\"lazy\" width=\"492\" height=\"472\" src=\"https:\/\/marcmandel.fr\/wp-content\/uploads\/2019\/05\/Mark-et-les-Super-Markettes.jpg\" alt=\"\" class=\"wp-image-72 size-full\" srcset=\"https:\/\/marcmandel.fr\/wp-content\/uploads\/2019\/05\/Mark-et-les-Super-Markettes.jpg 492w, https:\/\/marcmandel.fr\/wp-content\/uploads\/2019\/05\/Mark-et-les-Super-Markettes-300x288.jpg 300w\" sizes=\"(max-width: 492px) 100vw, 492px\" \/><\/figure><div class=\"wp-block-media-text__content\">\n<p> En 1984, il s\u2019amuse \u00e0  composer un twist parodique et un reggae et \nproduit lui m\u00eame un 45t&nbsp;: Le  twist de la merci\u00e8re \u2013 par Marc et les \nsuper Markettes.\n\n<\/p>\n<\/div><\/div>\n\n\n\n<div class=\"wp-block-media-text alignwide has-media-on-the-right is-stacked-on-mobile\" style=\"grid-template-columns:auto 41%\"><figure class=\"wp-block-media-text__media\"><img loading=\"lazy\" width=\"1024\" height=\"1024\" src=\"https:\/\/marcmandel.fr\/wp-content\/uploads\/2019\/05\/Pochette-Salsa-40-1024x1024.jpg\" alt=\"\" class=\"wp-image-73 size-full\" srcset=\"https:\/\/marcmandel.fr\/wp-content\/uploads\/2019\/05\/Pochette-Salsa-40-1024x1024.jpg 1024w, https:\/\/marcmandel.fr\/wp-content\/uploads\/2019\/05\/Pochette-Salsa-40-150x150.jpg 150w, https:\/\/marcmandel.fr\/wp-content\/uploads\/2019\/05\/Pochette-Salsa-40-300x300.jpg 300w, https:\/\/marcmandel.fr\/wp-content\/uploads\/2019\/05\/Pochette-Salsa-40-768x768.jpg 768w, https:\/\/marcmandel.fr\/wp-content\/uploads\/2019\/05\/Pochette-Salsa-40-100x100.jpg 100w, https:\/\/marcmandel.fr\/wp-content\/uploads\/2019\/05\/Pochette-Salsa-40.jpg 2001w\" sizes=\"(max-width: 1024px) 100vw, 1024px\" \/><\/figure><div class=\"wp-block-media-text__content\">\n<p>  En 2001, il adapte la symphonie 40 de Mozart en salsa, en respectant toute la progression harmonique&nbsp;du 1er mouvement.<br>Pour cette nouvelle auto-production, Il fait appel \u00e0 de tr\u00e8s grands  musiciens de jazz qui jouent \u00e0 l\u2019\u00e9poque (entre-autre) dans le big band  de Michel Legrand : Les trombones t\u00e9nors et basse sont interpr\u00e9t\u00e9s par  Maurice Castel-Cevrero, les sax alto, t\u00e9nor et baryton par Herv\u00e9   Meschinet et les 4 parties de trompettes par Claude Eg\u00e9a. Il baptise  l\u2019album : <a href=\"https:\/\/marcmandel.fr\/index.php\/salsa-40\/\">Salsa 40 par le Wolfgang band <\/a><\/p>\n<\/div><\/div>\n\n\n\n<div class=\"wp-block-media-text alignwide\" style=\"grid-template-columns:39% auto\"><figure class=\"wp-block-media-text__media\"><img loading=\"lazy\" width=\"324\" height=\"310\" src=\"https:\/\/marcmandel.fr\/wp-content\/uploads\/2019\/05\/joyeux-anniversaire.jpg\" alt=\"\" class=\"wp-image-30\" srcset=\"https:\/\/marcmandel.fr\/wp-content\/uploads\/2019\/05\/joyeux-anniversaire.jpg 324w, https:\/\/marcmandel.fr\/wp-content\/uploads\/2019\/05\/joyeux-anniversaire-300x287.jpg 300w\" sizes=\"(max-width: 324px) 100vw, 324px\" \/><\/figure><div class=\"wp-block-media-text__content\">\n\n<p>\nEn 2003, il r\u00e9alise un album  en d\u00e9clinant \u00ab&nbsp;Joyeux anniversaire&nbsp;\u00bb en \n25&nbsp;styles diff\u00e9rents (Jazz,  symphonique, lyrique, valse viennoise, \ntwist, samba, java, bossa-nova,  hard rock etc.) Pour chaque titre il \ncompose un th\u00e8me B dans le style de  la d\u00e9clinaison choisie.\n<\/p>\n\n<\/div><\/div>\n\n\n\n<h2><\/h2>\n\n\n\n<p> Pendant toutes ces ann\u00e9es, il continue de  travailler au sein de l\u2019entreprise d\u2019\u00e9ditions dont il finit par prendre  la direction. Et dans le m\u00eame il compose une musique de film industriel  pour EDF, une musique Manufrance,&nbsp;un documentaire pour la t\u00e9l\u00e9vision  (FR3).<br> Il a actuellement \u00e0 son actif plus de 300 musiques et  chansons, dont un concerto pour Piano et orchestre, une symphonie, un  adagio pour cordes, un musique de \u00ab&nbsp;livre&nbsp;\u00bb&nbsp;: les 3 mousquetaires. Sans  oublier des morceaux instrumentaux allant du jazz au classique en  passant par de la musique de films virtuels.<br> Depuis quelques ann\u00e9es,  gr\u00e2ce \u00e0 l\u2019informatique, il r\u00e9alise un r\u00eave inaccessible auparavant&nbsp;:  entendre sa musique jou\u00e9e par un orchestre symphonique. <br> Marc Mandel  n\u2019utilise que la souris, avec laquelle il \u00e9crit chaque note pour chaque  instrument, comme on le ferait sur du papier musique<br> Ainsi il a pu composer un concerto pour Piano et Orchestre .<\/p>\n\n\n\n<div class=\"wp-block-media-text alignwide is-stacked-on-mobile\"><figure class=\"wp-block-media-text__media\"><img loading=\"lazy\" width=\"768\" height=\"1024\" src=\"https:\/\/marcmandel.fr\/wp-content\/uploads\/2019\/05\/Affiche2-768x1024.jpg\" alt=\"\" class=\"wp-image-89 size-full\" srcset=\"https:\/\/marcmandel.fr\/wp-content\/uploads\/2019\/05\/Affiche2-768x1024.jpg 768w, https:\/\/marcmandel.fr\/wp-content\/uploads\/2019\/05\/Affiche2-225x300.jpg 225w\" sizes=\"(max-width: 768px) 100vw, 768px\" \/><\/figure><div class=\"wp-block-media-text__content\">\n<p> Et c\u2019est avec cette m\u00eame technique d\u2019\u00e9criture qu\u2019il \u00e9crit en 2014 <br>\u00ab<a rel=\"noreferrer noopener\" href=\"http:\/\/lenjeu.eu\" target=\"_blank\">l\u2019enje<\/a><a href=\"http:\/\/lenjeu.eu\">u <\/a>\u00bb, un op\u00e9ra en 3 actes, dans un style n\u00e9o XVIII eme . <\/p>\n<\/div><\/div>\n\n\n\n<p> <br>A suivre &#8230;<br><\/p>\n\n\n\n<p><\/p>\n","protected":false},"excerpt":{"rendered":"<p>N\u00e9 \u00e0 Paris en 1954, Marc Mandel est un compositeur au parcours atypique. Il commence par l\u2019\u00e9tude du piano classique \u00e0 l\u2019\u00e2ge de \u00e0 7 ans, mais son entr\u00e9e en 6eme, au lyc\u00e9e Jean-Baptiste Say en 1966, il abandonne les sonates de Beethoven pour Dave Brubeck (Blue rondo \u00e0 la Turk, Take Five) Thelonious Monk&hellip; <br \/> <a class=\"read-more\" href=\"https:\/\/marcmandel.fr\/index.php\/biographie-marc-mandel\/\">Lire la suite<\/a><\/p>\n","protected":false},"author":1,"featured_media":0,"parent":0,"menu_order":0,"comment_status":"closed","ping_status":"closed","template":"","meta":[],"_links":{"self":[{"href":"https:\/\/marcmandel.fr\/index.php\/wp-json\/wp\/v2\/pages\/55"}],"collection":[{"href":"https:\/\/marcmandel.fr\/index.php\/wp-json\/wp\/v2\/pages"}],"about":[{"href":"https:\/\/marcmandel.fr\/index.php\/wp-json\/wp\/v2\/types\/page"}],"author":[{"embeddable":true,"href":"https:\/\/marcmandel.fr\/index.php\/wp-json\/wp\/v2\/users\/1"}],"replies":[{"embeddable":true,"href":"https:\/\/marcmandel.fr\/index.php\/wp-json\/wp\/v2\/comments?post=55"}],"version-history":[{"count":22,"href":"https:\/\/marcmandel.fr\/index.php\/wp-json\/wp\/v2\/pages\/55\/revisions"}],"predecessor-version":[{"id":492,"href":"https:\/\/marcmandel.fr\/index.php\/wp-json\/wp\/v2\/pages\/55\/revisions\/492"}],"wp:attachment":[{"href":"https:\/\/marcmandel.fr\/index.php\/wp-json\/wp\/v2\/media?parent=55"}],"curies":[{"name":"wp","href":"https:\/\/api.w.org\/{rel}","templated":true}]}}